{"id":2366,"date":"2014-09-22T07:08:18","date_gmt":"2014-09-22T06:08:18","guid":{"rendered":"http:\/\/seerose-obertraun.com\/?page_id=2366"},"modified":"2021-05-10T15:05:48","modified_gmt":"2021-05-10T14:05:48","slug":"double-bedroom-width-extra-bed","status":"publish","type":"page","link":"http:\/\/seerose-obertraun.com\/hu\/double-bedroom-width-extra-bed.htm","title":{"rendered":"Francia\u00e1gyas h\u00e1l\u00f3szoba extra \u00e1ggyal"},"content":{"rendered":"<p><div class=\"one_third\">\n<p><img decoding=\"async\" loading=\"lazy\" class=\"alignleft size-medium wp-image-11955\" src=\"http:\/\/seerose-obertraun.com\/wp-content\/uploads\/2018\/09\/9b-9-300x150.jpg\" alt=\"\" width=\"300\" height=\"150\" srcset=\"http:\/\/seerose-obertraun.com\/wp-content\/uploads\/2018\/09\/9b-9-300x150.jpg 300w, http:\/\/seerose-obertraun.com\/wp-content\/uploads\/2018\/09\/9b-9-768x384.jpg 768w, http:\/\/seerose-obertraun.com\/wp-content\/uploads\/2018\/09\/9b-9.jpg 1000w\" sizes=\"(max-width: 300px) 100vw, 300px\" \/><\/p>\n<div class=\"button-regular-large\"><a class=\"blue\" href=\"http:\/\/seerose-obertraun.com\/hu\/request-our-offer.htm\">Azonnal foglalhat<\/a><\/div>\n<p>&nbsp;<\/p>\n<h3><span>A szob\u00e1r\u00f3l<\/span><\/h3>\n<div class=\"tabs\"><ul><li><a href=\"#tabs-1\">Reggeli<\/a><\/li><li><a href=\"#tabs-2\">Gyermek\u00e1gy<\/a><\/li><\/ul>\n<div id=\"tabs-1\">A reggeli nincs benne a szoba\u00e1rban, de ig\u00e9ny szerint tudunk biztos\u00edtani. \u00c1ra: 10 euro \/ f\u0151. N\u00e9gy \u00e9v alatti gyermekek r\u00e9sz\u00e9re a reggeli d\u00edjmentes. 4-10 \u00e9ves korig a reggeli \u00e1ra: 5 euro\/ f\u0151. Reggeli id\u0151tartama 8.00-10.00-ig.<br \/>\n<\/div>\n<div id=\"tabs-2\">Abban az esetben, ha kis gyermekkel \u00e9rkeznek, akkor gyerek\u00e1gyat tudunk biztos\u00edtani. \u00c1ra: 10 euro\/\u00e9j.<br \/>\n<\/div>\n<\/div>\n<p>&nbsp;<\/p>\n<h3><span>Gyakran ism\u00e9telt k\u00e9rd\u00e9sek:<\/span><\/h3>\n<div class=\"accordion\">\n<h5><span><a href=\"#\">Mennyibe ker\u00fcl az extra \u00e1gy?<\/a><\/span><\/h5><div><p>Az extra \u00e1gy \u00e1ra 15 euro\/ \u00e9jszaka.<\/p><\/div>\n<h5><span><a href=\"#\">Mennyibe ker\u00fcl az idegenforgalmi ad\u00f3?<\/a><\/span><\/h5><div><p>Az if\u00e1-t helyben kell megfizetni. 15 \u00e9ves kor felett 1,5 euro \/ \u00e9jszaka. \u00c1raink nem tartalmazz\u00e1k az idegenforgalmi ad\u00f3t.<\/p><\/div>\n<h5><span><a href=\"#\">Biztos\u00edtott-e az \u00e9tkez\u00e9si lehet\u0151s\u00e9g?<\/a><\/span><\/h5><div><p>Csak reggelit tudunk biztos\u00edtani.<\/p><\/div>\n<h5><span><a href=\"#\">Hogyan juthatok el Hallstatt-ba?<\/a><\/span><\/h5><div><p>Hallstatt-ba aut\u00f3val, taxival, \u00e9vszakt\u00f3l f\u00fcgg\u0151en haj\u00f3val, biciklivel vagy gyalog juthat el. Egy taxi ak\u00e1r 8 embert is el tud sz\u00e1ll\u00edtani. Hallstatt-ban a 8 f\u0151s taxi 14 euroba ker\u00fcl. Ha busszal utazik 1,9 euroba ker\u00fcl. Hallstatt csup\u00e1n n\u00e9gy Obertraun pedig h\u00e1rom km-re tal\u00e1lhat\u00f3 t\u0151l\u00fcnk.<\/p><\/div>\n<h5><span><a href=\"#\">Mikort\u00f3l foglalhatom el a szob\u00e1t?<\/a><\/span><\/h5><div><p>A szob\u00e1k elfoglal\u00e1sa d\u00e9lut\u00e1n 15:00 \u00f3r\u00e1t\u00f3l lehets\u00e9ges.<\/p><\/div>\n<h5><span><a href=\"#\">Meddig kell elhagynom a szob\u00e1t?<\/a><\/span><\/h5><div><p>A szob\u00e1t legk\u00e9s\u0151bb d\u00e9lel\u0151tt 10:00 \u00f3r\u00e1ig kell elhagyni.<\/p><\/div>\n<\/div>\n<\/div>\n<div class=\"two_third last\">\n<h2><span><strong>Francia\u00e1gyas h\u00e1l\u00f3szoba extra \u00e1ggyal<\/strong><\/span><\/h2>\n<h3><span>Szoba le\u00edr\u00e1sa<\/span><\/h3>\n<p>H\u00e1l\u00f3szob\u00e1ban egy darab franci\u00e1gy k\u00e9t f\u0151 elhelyez\u00e9s\u00e9re alkalmas. A szob\u00e1hoz k\u00fcl\u00f6n\u00e1ll\u00f3 f\u00fcrd\u0151szoba tartozik. P\u00f3t\u00e1gyazhat\u00f3, plusz egy f\u0151 elhelyez\u00e9se biztos\u00edtott.<\/p>\n<h3><span>Szoba r\u00e9szletez\u00e9se<\/span><\/h3>\n<ul>\n<li>Szoba t\u00edpusa: apartman<\/li>\n<li>Max f\u0151: 3<\/li>\n<li>Szobam\u00e9ret: 20 nm.<\/li>\n<li>\u00c1gyt\u00edpus: 1 francia\u00e1gy + p\u00f3t\u00e1gy<\/li>\n<li>Ell\u00e1t\u00e1s: \u00f6nell\u00e1t\u00f3<\/li>\n<\/ul>\n<h3><span>Szoba adotts\u00e1gai<\/span><\/h3>\n<ul class=\"list2\">\n<li>Zuhany<\/li>\n<li>Hajsz\u00e1r\u00edt\u00f3<\/li>\n<li>Erk\u00e9ly<\/li>\n<li>Ingyen WC-pap\u00edr<\/li>\n<li>WC<\/li>\n<li>F\u00fcrd\u0151szoba<\/li>\n<li>F\u0171t\u00e9s<\/li>\n<li>Kil\u00e1t\u00e1s<\/li>\n<li>Wi-Fi<\/li>\n<\/ul>\n<p>&nbsp;<\/p>\n<h2><span>Gal\u00e9ria<\/span><\/h2>\n<p>\n\t\t<style type=\"text\/css\">\n\t\t\t#gallery-2 {\n\t\t\t\tmargin: auto;\n\t\t\t}\n\t\t\t#gallery-2 .gallery-item {\n\t\t\t\tfloat: left;\n\t\t\t\tmargin-top: 10px;\n\t\t\t\ttext-align: center;\n\t\t\t\twidth: 33%;\n\t\t\t}\n\t\t\t#gallery-2 img {\n\t\t\t\tborder: 2px solid #cfcfcf;\n\t\t\t}\n\t\t\t#gallery-2 .gallery-caption {\n\t\t\t\tmargin-left: 0;\n\t\t\t}\n\t\t\t\/* see gallery_shortcode() in wp-includes\/media.php *\/\n\t\t<\/style>\n\t\t<div id='gallery-2' class='gallery galleryid-2366 gallery-columns-3 gallery-size-thumbnail'><dl class='gallery-item'>\n\t\t\t<dt class='gallery-icon landscape'>\n\t\t\t\t<a href='http:\/\/seerose-obertraun.com\/wp-content\/uploads\/2018\/09\/7b-2-5.jpg' rel=\"fancyimg\"><img width=\"150\" height=\"150\" src=\"http:\/\/seerose-obertraun.com\/wp-content\/uploads\/2018\/09\/7b-2-5-150x150.jpg\" class=\"attachment-thumbnail size-thumbnail\" alt=\"\" decoding=\"async\" loading=\"lazy\" srcset=\"http:\/\/seerose-obertraun.com\/wp-content\/uploads\/2018\/09\/7b-2-5-150x150.jpg 150w, http:\/\/seerose-obertraun.com\/wp-content\/uploads\/2018\/09\/7b-2-5-100x100.jpg 100w, http:\/\/seerose-obertraun.com\/wp-content\/uploads\/2018\/09\/7b-2-5-55x55.jpg 55w\" sizes=\"(max-width: 150px) 100vw, 150px\" \/><\/a>\n\t\t\t<\/dt><\/dl><dl class='gallery-item'>\n\t\t\t<dt class='gallery-icon landscape'>\n\t\t\t\t<a href='http:\/\/seerose-obertraun.com\/wp-content\/uploads\/2018\/09\/7b-3-5.jpg' rel=\"fancyimg\"><img width=\"150\" height=\"150\" src=\"http:\/\/seerose-obertraun.com\/wp-content\/uploads\/2018\/09\/7b-3-5-150x150.jpg\" class=\"attachment-thumbnail size-thumbnail\" alt=\"\" decoding=\"async\" loading=\"lazy\" srcset=\"http:\/\/seerose-obertraun.com\/wp-content\/uploads\/2018\/09\/7b-3-5-150x150.jpg 150w, http:\/\/seerose-obertraun.com\/wp-content\/uploads\/2018\/09\/7b-3-5-100x100.jpg 100w, http:\/\/seerose-obertraun.com\/wp-content\/uploads\/2018\/09\/7b-3-5-55x55.jpg 55w\" sizes=\"(max-width: 150px) 100vw, 150px\" \/><\/a>\n\t\t\t<\/dt><\/dl><dl class='gallery-item'>\n\t\t\t<dt class='gallery-icon landscape'>\n\t\t\t\t<a href='http:\/\/seerose-obertraun.com\/wp-content\/uploads\/2018\/09\/7b-4-5.jpg' rel=\"fancyimg\"><img width=\"150\" height=\"150\" src=\"http:\/\/seerose-obertraun.com\/wp-content\/uploads\/2018\/09\/7b-4-5-150x150.jpg\" class=\"attachment-thumbnail size-thumbnail\" alt=\"\" decoding=\"async\" loading=\"lazy\" srcset=\"http:\/\/seerose-obertraun.com\/wp-content\/uploads\/2018\/09\/7b-4-5-150x150.jpg 150w, http:\/\/seerose-obertraun.com\/wp-content\/uploads\/2018\/09\/7b-4-5-100x100.jpg 100w, http:\/\/seerose-obertraun.com\/wp-content\/uploads\/2018\/09\/7b-4-5-55x55.jpg 55w\" sizes=\"(max-width: 150px) 100vw, 150px\" \/><\/a>\n\t\t\t<\/dt><\/dl><br style=\"clear: both\" \/><dl class='gallery-item'>\n\t\t\t<dt class='gallery-icon landscape'>\n\t\t\t\t<a href='http:\/\/seerose-obertraun.com\/wp-content\/uploads\/2018\/09\/7b-8.jpg' rel=\"fancyimg\"><img width=\"150\" height=\"150\" src=\"http:\/\/seerose-obertraun.com\/wp-content\/uploads\/2018\/09\/7b-8-150x150.jpg\" class=\"attachment-thumbnail size-thumbnail\" alt=\"\" decoding=\"async\" loading=\"lazy\" srcset=\"http:\/\/seerose-obertraun.com\/wp-content\/uploads\/2018\/09\/7b-8-150x150.jpg 150w, http:\/\/seerose-obertraun.com\/wp-content\/uploads\/2018\/09\/7b-8-100x100.jpg 100w, http:\/\/seerose-obertraun.com\/wp-content\/uploads\/2018\/09\/7b-8-55x55.jpg 55w\" sizes=\"(max-width: 150px) 100vw, 150px\" \/><\/a>\n\t\t\t<\/dt><\/dl><dl class='gallery-item'>\n\t\t\t<dt class='gallery-icon landscape'>\n\t\t\t\t<a href='http:\/\/seerose-obertraun.com\/wp-content\/uploads\/2018\/09\/8b-2-2.jpg' rel=\"fancyimg\"><img width=\"150\" height=\"150\" src=\"http:\/\/seerose-obertraun.com\/wp-content\/uploads\/2018\/09\/8b-2-2-150x150.jpg\" class=\"attachment-thumbnail size-thumbnail\" alt=\"\" decoding=\"async\" loading=\"lazy\" srcset=\"http:\/\/seerose-obertraun.com\/wp-content\/uploads\/2018\/09\/8b-2-2-150x150.jpg 150w, http:\/\/seerose-obertraun.com\/wp-content\/uploads\/2018\/09\/8b-2-2-100x100.jpg 100w, http:\/\/seerose-obertraun.com\/wp-content\/uploads\/2018\/09\/8b-2-2-55x55.jpg 55w\" sizes=\"(max-width: 150px) 100vw, 150px\" \/><\/a>\n\t\t\t<\/dt><\/dl><dl class='gallery-item'>\n\t\t\t<dt class='gallery-icon landscape'>\n\t\t\t\t<a href='http:\/\/seerose-obertraun.com\/wp-content\/uploads\/2018\/09\/8b-3.jpg' rel=\"fancyimg\"><img width=\"150\" height=\"150\" src=\"http:\/\/seerose-obertraun.com\/wp-content\/uploads\/2018\/09\/8b-3-150x150.jpg\" class=\"attachment-thumbnail size-thumbnail\" alt=\"\" decoding=\"async\" loading=\"lazy\" srcset=\"http:\/\/seerose-obertraun.com\/wp-content\/uploads\/2018\/09\/8b-3-150x150.jpg 150w, http:\/\/seerose-obertraun.com\/wp-content\/uploads\/2018\/09\/8b-3-100x100.jpg 100w, http:\/\/seerose-obertraun.com\/wp-content\/uploads\/2018\/09\/8b-3-55x55.jpg 55w\" sizes=\"(max-width: 150px) 100vw, 150px\" \/><\/a>\n\t\t\t<\/dt><\/dl><br style=\"clear: both\" \/><dl class='gallery-item'>\n\t\t\t<dt class='gallery-icon landscape'>\n\t\t\t\t<a href='http:\/\/seerose-obertraun.com\/wp-content\/uploads\/2018\/09\/9b-2-5.jpg' rel=\"fancyimg\"><img width=\"150\" height=\"150\" src=\"http:\/\/seerose-obertraun.com\/wp-content\/uploads\/2018\/09\/9b-2-5-150x150.jpg\" class=\"attachment-thumbnail size-thumbnail\" alt=\"\" decoding=\"async\" loading=\"lazy\" srcset=\"http:\/\/seerose-obertraun.com\/wp-content\/uploads\/2018\/09\/9b-2-5-150x150.jpg 150w, http:\/\/seerose-obertraun.com\/wp-content\/uploads\/2018\/09\/9b-2-5-100x100.jpg 100w, http:\/\/seerose-obertraun.com\/wp-content\/uploads\/2018\/09\/9b-2-5-55x55.jpg 55w\" sizes=\"(max-width: 150px) 100vw, 150px\" \/><\/a>\n\t\t\t<\/dt><\/dl><dl class='gallery-item'>\n\t\t\t<dt class='gallery-icon landscape'>\n\t\t\t\t<a href='http:\/\/seerose-obertraun.com\/wp-content\/uploads\/2018\/09\/9b-3-5.jpg' rel=\"fancyimg\"><img width=\"150\" height=\"150\" src=\"http:\/\/seerose-obertraun.com\/wp-content\/uploads\/2018\/09\/9b-3-5-150x150.jpg\" class=\"attachment-thumbnail size-thumbnail\" alt=\"\" decoding=\"async\" loading=\"lazy\" srcset=\"http:\/\/seerose-obertraun.com\/wp-content\/uploads\/2018\/09\/9b-3-5-150x150.jpg 150w, http:\/\/seerose-obertraun.com\/wp-content\/uploads\/2018\/09\/9b-3-5-100x100.jpg 100w, http:\/\/seerose-obertraun.com\/wp-content\/uploads\/2018\/09\/9b-3-5-55x55.jpg 55w\" sizes=\"(max-width: 150px) 100vw, 150px\" \/><\/a>\n\t\t\t<\/dt><\/dl><dl class='gallery-item'>\n\t\t\t<dt class='gallery-icon landscape'>\n\t\t\t\t<a href='http:\/\/seerose-obertraun.com\/wp-content\/uploads\/2018\/09\/9b-4-5.jpg' rel=\"fancyimg\"><img width=\"150\" height=\"150\" src=\"http:\/\/seerose-obertraun.com\/wp-content\/uploads\/2018\/09\/9b-4-5-150x150.jpg\" class=\"attachment-thumbnail size-thumbnail\" alt=\"\" decoding=\"async\" loading=\"lazy\" srcset=\"http:\/\/seerose-obertraun.com\/wp-content\/uploads\/2018\/09\/9b-4-5-150x150.jpg 150w, http:\/\/seerose-obertraun.com\/wp-content\/uploads\/2018\/09\/9b-4-5-100x100.jpg 100w, http:\/\/seerose-obertraun.com\/wp-content\/uploads\/2018\/09\/9b-4-5-55x55.jpg 55w\" sizes=\"(max-width: 150px) 100vw, 150px\" \/><\/a>\n\t\t\t<\/dt><\/dl><br style=\"clear: both\" \/><dl class='gallery-item'>\n\t\t\t<dt class='gallery-icon landscape'>\n\t\t\t\t<a href='http:\/\/seerose-obertraun.com\/wp-content\/uploads\/2018\/09\/9b-5-5.jpg' rel=\"fancyimg\"><img width=\"150\" height=\"150\" src=\"http:\/\/seerose-obertraun.com\/wp-content\/uploads\/2018\/09\/9b-5-5-150x150.jpg\" class=\"attachment-thumbnail size-thumbnail\" alt=\"\" decoding=\"async\" loading=\"lazy\" srcset=\"http:\/\/seerose-obertraun.com\/wp-content\/uploads\/2018\/09\/9b-5-5-150x150.jpg 150w, http:\/\/seerose-obertraun.com\/wp-content\/uploads\/2018\/09\/9b-5-5-100x100.jpg 100w, http:\/\/seerose-obertraun.com\/wp-content\/uploads\/2018\/09\/9b-5-5-55x55.jpg 55w\" sizes=\"(max-width: 150px) 100vw, 150px\" \/><\/a>\n\t\t\t<\/dt><\/dl><dl class='gallery-item'>\n\t\t\t<dt class='gallery-icon landscape'>\n\t\t\t\t<a href='http:\/\/seerose-obertraun.com\/wp-content\/uploads\/2018\/09\/9b-10.jpg' rel=\"fancyimg\"><img width=\"150\" height=\"150\" src=\"http:\/\/seerose-obertraun.com\/wp-content\/uploads\/2018\/09\/9b-10-150x150.jpg\" class=\"attachment-thumbnail size-thumbnail\" alt=\"\" decoding=\"async\" loading=\"lazy\" srcset=\"http:\/\/seerose-obertraun.com\/wp-content\/uploads\/2018\/09\/9b-10-150x150.jpg 150w, http:\/\/seerose-obertraun.com\/wp-content\/uploads\/2018\/09\/9b-10-100x100.jpg 100w, http:\/\/seerose-obertraun.com\/wp-content\/uploads\/2018\/09\/9b-10-55x55.jpg 55w\" sizes=\"(max-width: 150px) 100vw, 150px\" \/><\/a>\n\t\t\t<\/dt><\/dl>\n\t\t\t<br style='clear: both' \/>\n\t\t<\/div>\n<\/p>\n<p>&nbsp;<\/p>\n<p><!--&#091;gallery link=\"file\" ids=\"2378,2377,2376\"&#093;\n\n--><\/div><div class=\"clear\"><\/div>\n<h2><span>Hotel Seerose Obertraun Apartmanok:<\/span><\/h2>\n<div class=\"one_third\">\n<div>\n<h3><span>1 szob\u00e1s apartman<\/span><\/h3>\n<p><img decoding=\"async\" loading=\"lazy\" class=\"alignleft wp-image-11872 size-medium\" style=\"border: 1px solid black;\" src=\"http:\/\/seerose-obertraun.com\/wp-content\/uploads\/2018\/09\/7a-3-1-300x150.jpg\" alt=\"\" width=\"300\" height=\"150\" srcset=\"http:\/\/seerose-obertraun.com\/wp-content\/uploads\/2018\/09\/7a-3-1-300x150.jpg 300w, http:\/\/seerose-obertraun.com\/wp-content\/uploads\/2018\/09\/7a-3-1-768x384.jpg 768w, http:\/\/seerose-obertraun.com\/wp-content\/uploads\/2018\/09\/7a-3-1.jpg 1000w\" sizes=\"(max-width: 300px) 100vw, 300px\" \/><br \/>\nKonyhai eszk\u00f6z\u00f6k, k\u00e9t \u00e1gyas h\u00e1l\u00f3szoba, f\u00fcrd\u0151szoba zuhanyz\u00f3val,erk\u00e9ly, nappali k\u00e9t d\u00edv\u00e1nnyal, k\u00fcl\u00f6n \u00e9lett\u00e9r: 1 h\u00e1l\u00f3szoba \u00e9s 1 nappali.<\/p>\n<div class=\"button-regular-small\"><a class=\"blue\" href=\"http:\/\/seerose-obertraun.com\/hu\/one-bedroom-apartment.htm\">B\u0151vebben&#8230;<\/a><\/div>\n<\/div>\n<\/div>\n<div class=\"one_third\">\n<div>\n<h3><span>2 szob\u00e1s apartman<\/span><\/h3>\n<p><img decoding=\"async\" loading=\"lazy\" class=\"alignleft wp-image-11875 size-medium\" style=\"border: 1px solid black;\" src=\"http:\/\/seerose-obertraun.com\/wp-content\/uploads\/2018\/09\/9b-2-300x150.jpg\" alt=\"\" width=\"300\" height=\"150\" srcset=\"http:\/\/seerose-obertraun.com\/wp-content\/uploads\/2018\/09\/9b-2-300x150.jpg 300w, http:\/\/seerose-obertraun.com\/wp-content\/uploads\/2018\/09\/9b-2-768x384.jpg 768w, http:\/\/seerose-obertraun.com\/wp-content\/uploads\/2018\/09\/9b-2.jpg 1000w\" sizes=\"(max-width: 300px) 100vw, 300px\" \/><br \/>\n2 h\u00e1l\u00f3szoba, k\u00fcl\u00f6n l\u00e9gt\u00e9rben tal\u00e1lhat\u00f3 nappalival, 2 k\u00fcl\u00f6n f\u00fcrd\u0151szob\u00e1val \u00e9s erk\u00e9llyel. Az apartman maximum 6 szem\u00e9ly elhelyez\u00e9s\u00e9re alkalmas.<\/p>\n<div class=\"button-regular-small\"><a class=\"blue\" href=\"http:\/\/seerose-obertraun.com\/hu\/two-bedroom-apartment.htm\">B\u0151vebben&#8230;<\/a><\/div>\n<\/div>\n<\/div>\n<!--\n[one_third_last]\n\n\n<div>\n\n\n<h3><span>3 szob\u00e1s apartman<\/span><\/h3>\n\n\n<img decoding=\"async\" loading=\"lazy\" class=\"alignleft wp-image-11972 size-medium\" style=\"border: 1px solid black;\" src=\"http:\/\/seerose-obertraun.com\/wp-content\/uploads\/2018\/09\/5b-7-300x150.jpg\" alt=\"\" width=\"300\" height=\"150\" srcset=\"http:\/\/seerose-obertraun.com\/wp-content\/uploads\/2018\/09\/5b-7-300x150.jpg 300w, http:\/\/seerose-obertraun.com\/wp-content\/uploads\/2018\/09\/5b-7-768x384.jpg 768w, http:\/\/seerose-obertraun.com\/wp-content\/uploads\/2018\/09\/5b-7.jpg 1000w\" sizes=\"(max-width: 300px) 100vw, 300px\" \/>\n3 h\u00e1l\u00f3szoba, k\u00fcl\u00f6n l\u00e9gt\u00e9rben tal\u00e1lhat\u00f3 nappalival, 2 k\u00fcl\u00f6n f\u00fcrd\u0151szob\u00e1val \u00e9s erk\u00e9llyel. Maximum 7 szem\u00e9ly elhelyez\u00e9s\u00e9re alkalmas.\n\n[button buttonsize=\"small\" buttonstyle=\"blue\" buttonlink=\"http:\/\/seerose-obertraun.com\/hu\/three-bedroom-apartment.htm\"]B\u0151vebben[\/button]\n\n<\/div>\n\n\n[\/one_third_last]\n--><div class=\"one_third last\">\n<div>\n<h3><span>Junior lakoszt\u00e1ly<\/span><\/h3>\n<p><img decoding=\"async\" loading=\"lazy\" class=\"alignleft wp-image-11876 size-medium\" style=\"border: 1px solid black;\" title=\"Junior Suit Apartment Hotel Seerose\" src=\"http:\/\/seerose-obertraun.com\/wp-content\/uploads\/2018\/09\/2-4-300x150.jpg\" alt=\"\" width=\"300\" height=\"150\" srcset=\"http:\/\/seerose-obertraun.com\/wp-content\/uploads\/2018\/09\/2-4-300x150.jpg 300w, http:\/\/seerose-obertraun.com\/wp-content\/uploads\/2018\/09\/2-4-768x384.jpg 768w, http:\/\/seerose-obertraun.com\/wp-content\/uploads\/2018\/09\/2-4.jpg 1000w\" sizes=\"(max-width: 300px) 100vw, 300px\" \/><br \/>\nK\u00e9t k\u00fcl\u00f6n l\u00e9gt\u00e9rben tal\u00e1lhat\u00f3 a h\u00e1l\u00f3szoba \u00e9s a nappali, k\u00fcl\u00f6n f\u00fcrd\u0151szoba, valamint term\u00e9szetesen erk\u00e9ly 2 f\u0151nek.<\/p>\n<div class=\"button-regular-small\"><a class=\"blue\" href=\"http:\/\/seerose-obertraun.com\/hu\/junior-suite.htm\">B\u0151vebben&#8230;<\/a><\/div>\n<\/div>\n<\/div><div class=\"clear\"><\/div>\n<div class=\"one_third\">\n<div>\n<h3><span>Francia\u00e1gyas h\u00e1l\u00f3szoba<\/span><\/h3>\n<p><img decoding=\"async\" loading=\"lazy\" class=\"alignleft wp-image-11877 size-medium\" style=\"border: 1px solid black;\" title=\"Double Bedroom Apartment Hotel Seerose\" src=\"http:\/\/seerose-obertraun.com\/wp-content\/uploads\/2018\/09\/5b-1-300x150.jpg\" alt=\"\" width=\"300\" height=\"150\" srcset=\"http:\/\/seerose-obertraun.com\/wp-content\/uploads\/2018\/09\/5b-1-300x150.jpg 300w, http:\/\/seerose-obertraun.com\/wp-content\/uploads\/2018\/09\/5b-1-768x384.jpg 768w, http:\/\/seerose-obertraun.com\/wp-content\/uploads\/2018\/09\/5b-1.jpg 1000w\" sizes=\"(max-width: 300px) 100vw, 300px\" \/><br \/>\nH\u00e1l\u00f3szob\u00e1ban egy darab franci\u00e1gy k\u00e9t f\u0151 elhelyez\u00e9s\u00e9re alkalmas. A szob\u00e1hoz k\u00fcl\u00f6n\u00e1ll\u00f3 f\u00fcrd\u0151szoba tartozik.<\/p>\n<div class=\"button-regular-small\"><a class=\"blue\" href=\"http:\/\/seerose-obertraun.com\/hu\/double-bedroom.htm\">B\u0151vebben&#8230;<\/a><\/div>\n<\/div>\n<\/div>\n<div class=\"one_third last\">\n<div>\n<h3><span>Francia\u00e1gyas p\u00f3t\u00e1gyas h\u00e1l\u00f3szoba<\/span><\/h3>\n<p><img decoding=\"async\" loading=\"lazy\" class=\"alignleft wp-image-11878 size-medium\" style=\"border: 1px solid black;\" title=\"Double Bedroom width Extra Bed Apartment Hotel Seerose\" src=\"http:\/\/seerose-obertraun.com\/wp-content\/uploads\/2018\/09\/9b-1-300x150.jpg\" alt=\"\" width=\"300\" height=\"150\" srcset=\"http:\/\/seerose-obertraun.com\/wp-content\/uploads\/2018\/09\/9b-1-300x150.jpg 300w, http:\/\/seerose-obertraun.com\/wp-content\/uploads\/2018\/09\/9b-1-768x384.jpg 768w, http:\/\/seerose-obertraun.com\/wp-content\/uploads\/2018\/09\/9b-1.jpg 1000w\" sizes=\"(max-width: 300px) 100vw, 300px\" \/><br \/>\nH\u00e1l\u00f3szob\u00e1ban egy darab franci\u00e1gy k\u00e9t f\u0151 elhelyez\u00e9s\u00e9re alkalmas. A szob\u00e1hoz k\u00fcl\u00f6n\u00e1ll\u00f3 f\u00fcrd\u0151szoba tartozik. P\u00f3t\u00e1gyazhat\u00f3!<\/p>\n<div class=\"button-regular-small\"><a class=\"blue\" href=\"http:\/\/seerose-obertraun.com\/hu\/double-bedroom-width-extra-bed.htm\">B\u0151vebben&#8230;<\/a><\/div>\n<\/div>\n<\/div><div class=\"clear\"><\/div>\n<p>&nbsp;<\/p>","protected":false},"excerpt":{"rendered":"<p>Hotel Seerose Obertraun Apartmanok: &nbsp;<\/p>\n","protected":false},"author":1,"featured_media":0,"parent":0,"menu_order":0,"comment_status":"closed","ping_status":"open","template":"full-width-page.php","meta":[],"aioseo_notices":[],"_links":{"self":[{"href":"http:\/\/seerose-obertraun.com\/hu\/wp-json\/wp\/v2\/pages\/2366"}],"collection":[{"href":"http:\/\/seerose-obertraun.com\/hu\/wp-json\/wp\/v2\/pages"}],"about":[{"href":"http:\/\/seerose-obertraun.com\/hu\/wp-json\/wp\/v2\/types\/page"}],"author":[{"embeddable":true,"href":"http:\/\/seerose-obertraun.com\/hu\/wp-json\/wp\/v2\/users\/1"}],"replies":[{"embeddable":true,"href":"http:\/\/seerose-obertraun.com\/hu\/wp-json\/wp\/v2\/comments?post=2366"}],"version-history":[{"count":40,"href":"http:\/\/seerose-obertraun.com\/hu\/wp-json\/wp\/v2\/pages\/2366\/revisions"}],"predecessor-version":[{"id":51956,"href":"http:\/\/seerose-obertraun.com\/hu\/wp-json\/wp\/v2\/pages\/2366\/revisions\/51956"}],"wp:attachment":[{"href":"http:\/\/seerose-obertraun.com\/hu\/wp-json\/wp\/v2\/media?parent=2366"}],"curies":[{"name":"wp","href":"https:\/\/api.w.org\/{rel}","templated":true}]}}